{"id":881,"date":"2020-02-01T14:31:56","date_gmt":"2020-02-01T13:31:56","guid":{"rendered":"https:\/\/massageblind.ch\/patron\/"},"modified":"2026-04-30T11:48:07","modified_gmt":"2026-04-30T09:48:07","slug":"patron","status":"publish","type":"page","link":"https:\/\/massageblind.ch\/fr\/patron\/","title":{"rendered":"Patron"},"content":{"rendered":"\n\n\t<p>&nbsp;<\/p>\n<p>\u00c0 ce stade, nous tenons \u00e0 remercier nos m\u00e9c\u00e8nes pour leur soutien. Sans cela, nous ne serions pas en mesure de poursuivre nos pr\u00e9occupations et nos objectifs.<\/p>\nSi vous souhaitez \u00e9galement nous soutenir, nous serions tr\u00e8s heureux.<br \/>\n\u00c0 partir d&rsquo;un montant de CHF 200.00 par an, vous serez r\u00e9pertori\u00e9 comme sponsor avec votre logo. Luzerner Kantonalbank, 6003 Luzern<br \/>\n<strong>IBAN: CH88 0077 8209 7948 0200 1<\/strong>\n<p><img loading=\"lazy\" decoding=\"async\" src=\"https:\/\/massageblind.ch\/wp-content\/uploads\/2023\/07\/QR-Code-Zahlung-massageblind-297x300.png\" alt=\"\" width=\"297\" height=\"300\" \/><\/p>\n<p><a href=\"https:\/\/www.piniol.ch\" target=\"_blank\" rel=\"noopener\"> <img loading=\"lazy\" decoding=\"async\" title=\"PINIOL\" src=\"https:\/\/massageblind.ch\/wp-content\/uploads\/2020\/02\/PINIOL_RGB_ohne_Hintergrund-300x118.png\" alt=\"PINIOL\" width=\"234\" height=\"92\" \/> <\/a><\/p>\n<p>&nbsp;<\/p>\n<strong>Piniol AG<\/strong><br \/>\nErlistrasse 2<br \/>\n6403 K\u00fcssnacht am Rigi<br \/>\n<a href=\"mailto:webshop@piniol.ch\">webshop@piniol.ch<\/a><br \/>\n<a href=\"http:\/\/www.piniol.ch\/\">www.piniol.ch<\/a>\n<a href=\"https:\/\/medmass-moser.ch\" target=\"_blank\" rel=\"noopener\"> <img loading=\"lazy\" decoding=\"async\" title=\"Medmass Moser\" src=\"https:\/\/massageblind.ch\/wp-content\/uploads\/2020\/02\/Logo-Hintergrund-transparent.jpg\" alt=\"Medmass Moser\" width=\"345\" height=\"280\" \/> <\/a> <strong>Praxis f\u00fcr Kinesiologie u.<\/strong><br \/>\n<strong>Med. Massagen<br \/>\n<\/strong>Badrain 7<br \/>\n6210 Sursee<br \/>\n<a href=\"mailto:info@medmass-moser.ch\" target=\"_blank\" rel=\"noopener\">info@medmass-moser.ch<\/a><br \/>\n<a href=\"http:\/\/www.medmass-moser.ch\">www.medmass-moser.ch<\/a>\n<p>&nbsp;<\/p>\n<p><img loading=\"lazy\" decoding=\"async\" title=\"Schnarwiler Health &amp; Beauty\" src=\"https:\/\/massageblind.ch\/wp-content\/uploads\/2020\/02\/Logo-Schnarwiler.png\" alt=\"Schnarwiler Health &amp; Beauty\" width=\"363\" height=\"91\" \/><\/p>\n<p>&nbsp;<\/p>\n<strong>Schnarwiler AG<\/strong><br \/>\nSeestrasse 54<br \/>\n6353 Weggis\n<p><a href=\"https:\/\/www.schnarwiler.ch\" target=\"_blank\" rel=\"noopener\">www.schnarwiler.ch<\/a><\/p>\n<p>&nbsp;<\/p>\n<p><img loading=\"lazy\" decoding=\"async\" title=\"Logo_OdA_MM\" src=\"https:\/\/massageblind.ch\/wp-content\/uploads\/2023\/09\/Logo_OdA_MM.png\" alt=\"Logo_OdA_MM\" width=\"263\" height=\"224\" \/><\/p>\n<p>&nbsp;<\/p>\n<strong>Organisation der Arbeitswelt Medizinischer Masseure<\/strong><br \/>\nT\u00e4gerhardring 8<br \/>\n5436 W\u00fcrenlos\n<p><a href=\"https:\/\/oda-mm.ch\" target=\"_blank\" rel=\"noopener\">www.oda-mm.ch<\/a><\/p>\n<p>&nbsp;<\/p>\n<p><img loading=\"lazy\" decoding=\"async\" title=\"Merkel Druck\" src=\"https:\/\/massageblind.ch\/wp-content\/uploads\/2023\/12\/Merkel-Druck.jpg\" alt=\"Merkel Druck\" width=\"254\" height=\"303\" \/><\/p>\n<strong>Merkel Druck AG<\/strong><br \/>\nBaselstrasse 52<br \/>\n4125 Riehen\n<p><a href=\"https:\/\/www.merkel.ch\" target=\"_blank\" rel=\"noopener\">www.merkel.ch<\/a><\/p>\n<p>&nbsp;<\/p>\n<p><img loading=\"lazy\" decoding=\"async\" title=\"Logo ADMITA 2020\" src=\"https:\/\/massageblind.ch\/wp-content\/uploads\/2020\/10\/Logo-ADMITA-2020.png\" alt=\"Logo ADMITA 2020\" width=\"247\" height=\"175\" \/><\/p>\n<b>ADMITA<\/b><br \/>\nUnterdorf 7<br \/>\n6403 K\u00fcssnacht am Rigi\n<a href=\"mailto:info@admita.ch\">info@admita.ch<\/a><br \/>\n<a href=\"http:\/\/www.admita.ch\" target=\"_blank\" rel=\"noopener\">www.admita.ch<\/a>\n<p>&nbsp;<\/p>\n<p><img loading=\"lazy\" decoding=\"async\" title=\"VPT-logo_neu\" src=\"https:\/\/massageblind.ch\/wp-content\/uploads\/2023\/10\/VPT-logo_neu.jpg\" alt=\"VPT-logo_neu\" width=\"492\" height=\"109\" \/><\/p>\n<b>VPT<\/b><br \/>\nroute de l&rsquo;Union 16C<br \/>\n1723 Marly\n<p><a href=\"https:\/\/vpt-online.ch\/de\/\" target=\"_blank\" rel=\"noopener\">www.vpt-online.ch<\/a><\/p>\n<p>&nbsp;<\/p>\n<p><img loading=\"lazy\" decoding=\"async\" title=\"Kobler AG\" src=\"https:\/\/massageblind.ch\/wp-content\/uploads\/2023\/12\/Kobler-AG.jpg\" alt=\"Kobler AG\" width=\"388\" height=\"210\" \/><\/p>\n<p>&nbsp;<\/p>\n<b>Garage &amp; Carrosserie Kobler AG<\/b><br \/>\nZ\u00fcrcherstrasse 36<br \/>\n8115 H\u00fcttikon\n<p>&nbsp;<\/p>\n<img loading=\"lazy\" decoding=\"async\" src=\"https:\/\/massageblind.ch\/wp-content\/uploads\/2024\/06\/Keller-300x161.png\" alt=\"\" width=\"300\" height=\"161\" data-warning=\"Missing alt text\" \/>\n<strong>Keller AG<\/strong><br \/>\nLyssachstrasse 83\n3400 Burgdorf\n<a href=\"https:\/\/www.simonkeller.ch\" target=\"_blank\" rel=\"noopener\">www.simonkeller.ch<\/a>\n<p>&nbsp;<\/p>\n<strong>Armida Meier<\/strong><br \/>\nWaldeggweg 17<br \/>\n8302 Kloten\n<p>&nbsp;<\/p>\n<p><strong>Andrea Burri<\/strong><\/p>\n<img loading=\"lazy\" decoding=\"async\" src=\"https:\/\/massageblind.ch\/wp-content\/uploads\/2025\/05\/logo_cmyk.eps_-300x224.png\" alt=\"\" width=\"300\" height=\"224\" data-warning=\"Missing alt text\" \/>\n<p>&nbsp;<\/p>\n<strong>STEINBRUCH MELLIKON AG<br \/>\n<\/strong>5465 Mellikon\n<a href=\"https:\/\/www.steinbruch-mellikon.ch\/de\/home\" target=\"_blank\" rel=\"noopener\">www.steinbruch-mellikon.ch<\/a>\n\n\n<div class=\"gsp_post_data\" \r\n\t            data-post_type=\"page\" \r\n\t            data-cat=\"\" \r\n\t            data-modified=\"120\"\r\n\t            data-created=\"1580567516\"\r\n\t            data-title=\"Patron\" \r\n\t            data-home=\"https:\/\/massageblind.ch\/fr\/\"><\/div>","protected":false},"excerpt":{"rendered":"<div class=\"entry-summary\">\n<div class=\"entry-summary\">\n&nbsp; \u00c0 ce stade, nous tenons \u00e0 remercier nos m\u00e9c\u00e8nes pour leur soutien. Sans cela, nous ne serions pas en mesure de poursuivre nos pr\u00e9occupations et nos objectifs. Si vous souhaitez \u00e9galement nous soutenir, nous serions tr\u00e8s heureux. \u00c0 partir&hellip;\n<\/div>\n<div class=\"link-more\"><a href=\"https:\/\/massageblind.ch\/fr\/patron\/\" class=\"more-link\">Continue reading<span class=\"screen-reader-text\"> &ldquo;Patron&rdquo;<\/span>&hellip;<\/a><\/div>\n<\/div>\n<div class=\"link-more\"><a href=\"https:\/\/massageblind.ch\/fr\/patron\/\" class=\"more-link\">Continue reading<span class=\"screen-reader-text\"> &ldquo;Patron&rdquo;<\/span>&hellip;<\/a><\/div>\n","protected":false},"author":1,"featured_media":0,"parent":0,"menu_order":13,"comment_status":"closed","ping_status":"closed","template":"","meta":{"_monsterinsights_skip_tracking":false,"_monsterinsights_sitenote_active":false,"_monsterinsights_sitenote_note":"","_monsterinsights_sitenote_category":0,"footnotes":""},"class_list":["post-881","page","type-page","status-publish","hentry","entry"],"yoast_head":"<!-- This site is optimized with the Yoast SEO plugin v27.5 - https:\/\/yoast.com\/product\/yoast-seo-wordpress\/ -->\n<title>Patron - MassageBlind<\/title>\n<meta name=\"description\" content=\"\u00c0 ce stade, nous souhaitons remercier nos clients MassageBlind pour leur soutien. Sans cela, nous ne pourrions pas poursuivre nos objectifs.\" \/>\n<meta name=\"robots\" content=\"index, follow, max-snippet:-1, max-image-preview:large, max-video-preview:-1\" \/>\n<link rel=\"canonical\" href=\"https:\/\/massageblind.ch\/fr\/patron\/\" \/>\n<meta property=\"og:locale\" content=\"fr_FR\" \/>\n<meta property=\"og:type\" content=\"article\" \/>\n<meta property=\"og:title\" content=\"Patron - MassageBlind\" \/>\n<meta property=\"og:description\" content=\"\u00c0 ce stade, nous souhaitons remercier nos clients MassageBlind pour leur soutien. Sans cela, nous ne pourrions pas poursuivre nos objectifs.\" \/>\n<meta property=\"og:url\" content=\"https:\/\/massageblind.ch\/fr\/patron\/\" \/>\n<meta property=\"og:site_name\" content=\"MassageBlind\" \/>\n<meta property=\"article:modified_time\" content=\"2026-04-30T09:48:07+00:00\" \/>\n<meta property=\"og:image\" content=\"https:\/\/massageblind.ch\/wp-content\/uploads\/2023\/07\/QR-Code-Zahlung-massageblind-297x300.png\" \/>\n<meta name=\"twitter:card\" content=\"summary_large_image\" \/>\n<meta name=\"twitter:label1\" content=\"Dur\u00e9e de lecture estim\u00e9e\" \/>\n\t<meta name=\"twitter:data1\" content=\"4 minutes\" \/>\n<script type=\"application\/ld+json\" class=\"yoast-schema-graph\">{\"@context\":\"https:\\\/\\\/schema.org\",\"@graph\":[{\"@type\":\"WebPage\",\"@id\":\"https:\\\/\\\/massageblind.ch\\\/fr\\\/patron\\\/\",\"url\":\"https:\\\/\\\/massageblind.ch\\\/fr\\\/patron\\\/\",\"name\":\"Patron - MassageBlind\",\"isPartOf\":{\"@id\":\"https:\\\/\\\/massageblind.ch\\\/#website\"},\"primaryImageOfPage\":{\"@id\":\"https:\\\/\\\/massageblind.ch\\\/fr\\\/patron\\\/#primaryimage\"},\"image\":{\"@id\":\"https:\\\/\\\/massageblind.ch\\\/fr\\\/patron\\\/#primaryimage\"},\"thumbnailUrl\":\"https:\\\/\\\/massageblind.ch\\\/wp-content\\\/uploads\\\/2023\\\/07\\\/QR-Code-Zahlung-massageblind-297x300.png\",\"datePublished\":\"2020-02-01T13:31:56+00:00\",\"dateModified\":\"2026-04-30T09:48:07+00:00\",\"description\":\"\u00c0 ce stade, nous souhaitons remercier nos clients MassageBlind pour leur soutien. Sans cela, nous ne pourrions pas poursuivre nos objectifs.\",\"breadcrumb\":{\"@id\":\"https:\\\/\\\/massageblind.ch\\\/fr\\\/patron\\\/#breadcrumb\"},\"inLanguage\":\"fr-FR\",\"potentialAction\":[{\"@type\":\"ReadAction\",\"target\":[\"https:\\\/\\\/massageblind.ch\\\/fr\\\/patron\\\/\"]}]},{\"@type\":\"ImageObject\",\"inLanguage\":\"fr-FR\",\"@id\":\"https:\\\/\\\/massageblind.ch\\\/fr\\\/patron\\\/#primaryimage\",\"url\":\"https:\\\/\\\/massageblind.ch\\\/wp-content\\\/uploads\\\/2023\\\/07\\\/QR-Code-Zahlung-massageblind-297x300.png\",\"contentUrl\":\"https:\\\/\\\/massageblind.ch\\\/wp-content\\\/uploads\\\/2023\\\/07\\\/QR-Code-Zahlung-massageblind-297x300.png\"},{\"@type\":\"BreadcrumbList\",\"@id\":\"https:\\\/\\\/massageblind.ch\\\/fr\\\/patron\\\/#breadcrumb\",\"itemListElement\":[{\"@type\":\"ListItem\",\"position\":1,\"name\":\"Startseite\",\"item\":\"https:\\\/\\\/massageblind.ch\\\/fr\\\/\"},{\"@type\":\"ListItem\",\"position\":2,\"name\":\"Patron\"}]},{\"@type\":\"WebSite\",\"@id\":\"https:\\\/\\\/massageblind.ch\\\/#website\",\"url\":\"https:\\\/\\\/massageblind.ch\\\/\",\"name\":\"MassageBlind\",\"description\":\"Schweizerischer Verband der sehbehinderten und blinden Med. Masseure\",\"publisher\":{\"@id\":\"https:\\\/\\\/massageblind.ch\\\/#organization\"},\"potentialAction\":[{\"@type\":\"SearchAction\",\"target\":{\"@type\":\"EntryPoint\",\"urlTemplate\":\"https:\\\/\\\/massageblind.ch\\\/?s={search_term_string}\"},\"query-input\":{\"@type\":\"PropertyValueSpecification\",\"valueRequired\":true,\"valueName\":\"search_term_string\"}}],\"inLanguage\":\"fr-FR\"},{\"@type\":\"Organization\",\"@id\":\"https:\\\/\\\/massageblind.ch\\\/#organization\",\"name\":\"MassageBlind\",\"url\":\"https:\\\/\\\/massageblind.ch\\\/\",\"logo\":{\"@type\":\"ImageObject\",\"inLanguage\":\"fr-FR\",\"@id\":\"https:\\\/\\\/massageblind.ch\\\/#\\\/schema\\\/logo\\\/image\\\/\",\"url\":\"https:\\\/\\\/massageblind.ch\\\/wp-content\\\/uploads\\\/2019\\\/09\\\/Logo-MassageBlind-Farben.jpg\",\"contentUrl\":\"https:\\\/\\\/massageblind.ch\\\/wp-content\\\/uploads\\\/2019\\\/09\\\/Logo-MassageBlind-Farben.jpg\",\"width\":1000,\"height\":750,\"caption\":\"MassageBlind\"},\"image\":{\"@id\":\"https:\\\/\\\/massageblind.ch\\\/#\\\/schema\\\/logo\\\/image\\\/\"}}]}<\/script>\n<!-- \/ Yoast SEO plugin. -->","yoast_head_json":{"title":"Patron - MassageBlind","description":"\u00c0 ce stade, nous souhaitons remercier nos clients MassageBlind pour leur soutien. Sans cela, nous ne pourrions pas poursuivre nos objectifs.","robots":{"index":"index","follow":"follow","max-snippet":"max-snippet:-1","max-image-preview":"max-image-preview:large","max-video-preview":"max-video-preview:-1"},"canonical":"https:\/\/massageblind.ch\/fr\/patron\/","og_locale":"fr_FR","og_type":"article","og_title":"Patron - MassageBlind","og_description":"\u00c0 ce stade, nous souhaitons remercier nos clients MassageBlind pour leur soutien. Sans cela, nous ne pourrions pas poursuivre nos objectifs.","og_url":"https:\/\/massageblind.ch\/fr\/patron\/","og_site_name":"MassageBlind","article_modified_time":"2026-04-30T09:48:07+00:00","og_image":[{"url":"https:\/\/massageblind.ch\/wp-content\/uploads\/2023\/07\/QR-Code-Zahlung-massageblind-297x300.png","type":"","width":"","height":""}],"twitter_card":"summary_large_image","twitter_misc":{"Dur\u00e9e de lecture estim\u00e9e":"4 minutes"},"schema":{"@context":"https:\/\/schema.org","@graph":[{"@type":"WebPage","@id":"https:\/\/massageblind.ch\/fr\/patron\/","url":"https:\/\/massageblind.ch\/fr\/patron\/","name":"Patron - MassageBlind","isPartOf":{"@id":"https:\/\/massageblind.ch\/#website"},"primaryImageOfPage":{"@id":"https:\/\/massageblind.ch\/fr\/patron\/#primaryimage"},"image":{"@id":"https:\/\/massageblind.ch\/fr\/patron\/#primaryimage"},"thumbnailUrl":"https:\/\/massageblind.ch\/wp-content\/uploads\/2023\/07\/QR-Code-Zahlung-massageblind-297x300.png","datePublished":"2020-02-01T13:31:56+00:00","dateModified":"2026-04-30T09:48:07+00:00","description":"\u00c0 ce stade, nous souhaitons remercier nos clients MassageBlind pour leur soutien. Sans cela, nous ne pourrions pas poursuivre nos objectifs.","breadcrumb":{"@id":"https:\/\/massageblind.ch\/fr\/patron\/#breadcrumb"},"inLanguage":"fr-FR","potentialAction":[{"@type":"ReadAction","target":["https:\/\/massageblind.ch\/fr\/patron\/"]}]},{"@type":"ImageObject","inLanguage":"fr-FR","@id":"https:\/\/massageblind.ch\/fr\/patron\/#primaryimage","url":"https:\/\/massageblind.ch\/wp-content\/uploads\/2023\/07\/QR-Code-Zahlung-massageblind-297x300.png","contentUrl":"https:\/\/massageblind.ch\/wp-content\/uploads\/2023\/07\/QR-Code-Zahlung-massageblind-297x300.png"},{"@type":"BreadcrumbList","@id":"https:\/\/massageblind.ch\/fr\/patron\/#breadcrumb","itemListElement":[{"@type":"ListItem","position":1,"name":"Startseite","item":"https:\/\/massageblind.ch\/fr\/"},{"@type":"ListItem","position":2,"name":"Patron"}]},{"@type":"WebSite","@id":"https:\/\/massageblind.ch\/#website","url":"https:\/\/massageblind.ch\/","name":"MassageBlind","description":"Schweizerischer Verband der sehbehinderten und blinden Med. Masseure","publisher":{"@id":"https:\/\/massageblind.ch\/#organization"},"potentialAction":[{"@type":"SearchAction","target":{"@type":"EntryPoint","urlTemplate":"https:\/\/massageblind.ch\/?s={search_term_string}"},"query-input":{"@type":"PropertyValueSpecification","valueRequired":true,"valueName":"search_term_string"}}],"inLanguage":"fr-FR"},{"@type":"Organization","@id":"https:\/\/massageblind.ch\/#organization","name":"MassageBlind","url":"https:\/\/massageblind.ch\/","logo":{"@type":"ImageObject","inLanguage":"fr-FR","@id":"https:\/\/massageblind.ch\/#\/schema\/logo\/image\/","url":"https:\/\/massageblind.ch\/wp-content\/uploads\/2019\/09\/Logo-MassageBlind-Farben.jpg","contentUrl":"https:\/\/massageblind.ch\/wp-content\/uploads\/2019\/09\/Logo-MassageBlind-Farben.jpg","width":1000,"height":750,"caption":"MassageBlind"},"image":{"@id":"https:\/\/massageblind.ch\/#\/schema\/logo\/image\/"}}]}},"_links":{"self":[{"href":"https:\/\/massageblind.ch\/fr\/wp-json\/wp\/v2\/pages\/881","targetHints":{"allow":["GET"]}}],"collection":[{"href":"https:\/\/massageblind.ch\/fr\/wp-json\/wp\/v2\/pages"}],"about":[{"href":"https:\/\/massageblind.ch\/fr\/wp-json\/wp\/v2\/types\/page"}],"author":[{"embeddable":true,"href":"https:\/\/massageblind.ch\/fr\/wp-json\/wp\/v2\/users\/1"}],"replies":[{"embeddable":true,"href":"https:\/\/massageblind.ch\/fr\/wp-json\/wp\/v2\/comments?post=881"}],"version-history":[{"count":11,"href":"https:\/\/massageblind.ch\/fr\/wp-json\/wp\/v2\/pages\/881\/revisions"}],"predecessor-version":[{"id":1728,"href":"https:\/\/massageblind.ch\/fr\/wp-json\/wp\/v2\/pages\/881\/revisions\/1728"}],"wp:attachment":[{"href":"https:\/\/massageblind.ch\/fr\/wp-json\/wp\/v2\/media?parent=881"}],"curies":[{"name":"wp","href":"https:\/\/api.w.org\/{rel}","templated":true}]}}