{"id":868,"date":"2020-02-01T14:31:12","date_gmt":"2020-02-01T13:31:12","guid":{"rendered":"https:\/\/massageblind.ch\/ethique\/"},"modified":"2024-05-06T09:43:44","modified_gmt":"2024-05-06T07:43:44","slug":"ethique","status":"publish","type":"page","link":"https:\/\/massageblind.ch\/fr\/ethique\/","title":{"rendered":"\u00c9thique"},"content":{"rendered":"\n\n\t<p>&nbsp;<\/p>\n<p>Ce code de d\u00e9ontologie professionnelle fait partie int\u00e9grante des statuts de MassageBlind.<\/p>\n<p>L&rsquo;Association suisse des massoth\u00e9rapeutes m\u00e9dicaux malvoyants et aveugles r\u00e9sume les valeurs et normes \u00e9thiques les plus importantes qui s&rsquo;appliquent aux th\u00e9rapeutes agr\u00e9\u00e9s certificat de sp\u00e9cialiste.<\/p>\n<h3>1. Respect du client en tant qu&rsquo;individu<\/h3>\n<ul>\n<li>Les principaux objectifs du travail th\u00e9rapeutique sont la sant\u00e9 et le bien-\u00eatre des clients.<\/li>\n<li>En tant que th\u00e9rapeute, je respecte et prends en compte l&rsquo;origine sociale, ethnique et religieuse de mes clients sans pr\u00e9jug\u00e9s.<\/li>\n<li>Je respecte les droits et la dignit\u00e9 de mes clients, notamment leur droit \u00e0 l&rsquo;autod\u00e9termination.<\/li>\n<li>En tant que th\u00e9rapeute, j&rsquo;ai un devoir de sollicitude particulier envers les enfants, les jeunes et autres personnes immatures.<\/li>\n<\/ul>\n<h3>2. Professionnalisme dans la relation avec le patient<\/h3>\n<ul>\n<li>En tant que th\u00e9rapeute, j&rsquo;informe mes clients des possibilit\u00e9s et des limites de mes m\u00e9thodes de traitement ainsi que des risques et effets secondaires possibles. En collaboration avec le client, je d\u00e9termine l&rsquo;objectif du traitement et un plan de traitement.<\/li>\n<li>Je r\u00e9ponds aux questions de mes clients et ne les pousse pas \u00e0 suivre un traitement.<\/li>\n<li>Avant le d\u00e9but du traitement, j&rsquo;informe les clients des co\u00fbts du traitement et je leur parle des prestations d&rsquo;assurance, des bons de r\u00e9duction et des modalit\u00e9s de paiement.<\/li>\n<li>En tant que th\u00e9rapeute, je suis consciente de la d\u00e9pendance de mes clients et du risque d&rsquo;abus de ma position professionnelle. Je m&rsquo;abstiens de toute forme de relation pouvant d\u00e9couler de la relation particuli\u00e8re de d\u00e9pendance th\u00e9rapeutique. S&rsquo;il y a trop de proximit\u00e9 personnelle qui pourrait influencer le jugement et l&rsquo;objectivit\u00e9, je transmettrai le traitement \u00e0 un coll\u00e8gue.<\/li>\n<li>Je traite g\u00e9n\u00e9ralement selon les crit\u00e8res \u00abd&rsquo;efficacit\u00e9, de praticit\u00e9 et de rentabilit\u00e9 \u00bb. Je mettrai fin au traitement lorsque les objectifs du traitement auront \u00e9t\u00e9 atteints ou que les options pour mon traitement auront \u00e9t\u00e9 \u00e9puis\u00e9es, m\u00eame s&rsquo;il existe encore un bon de r\u00e9duction pour d&rsquo;autres traitements.<\/li>\n<li>En tant que th\u00e9rapeute, je ne fais aucune promesse de gu\u00e9rison.<\/li>\n<li>Les intentions, avances ou agressions sexuelles ne sont pas tol\u00e9r\u00e9es.<\/li>\n<\/ul>\n<h3>3. Collaboration interdisciplinaire<\/h3>\n<ul>\n<li>Je respecte la m\u00e9decine conventionnelle et les autres m\u00e9thodes m\u00e9dicales empiriques et je suis pr\u00eat \u00e0 travailler avec d&rsquo;autres sp\u00e9cialistes ou \u00e0 leur r\u00e9f\u00e9rer des clients si n\u00e9cessaire.<\/li>\n<li>Je prends en compte les diagnostics m\u00e9dicaux et les inclut dans le traitement.<\/li>\n<\/ul>\n<h3>4. R\u00e9flexion critique sur la comp\u00e9tence professionnelle<\/h3>\n<ul>\n<li>En tant que th\u00e9rapeute, je n&rsquo;utilise pas de m\u00e9thodes de traitement pour lesquelles je ne suis pas form\u00e9 ou dont je n&rsquo;ai pas prouv\u00e9 ma ma\u00eetrise.<\/li>\n<li>Je connais les limites de mes qualifications et comp\u00e9tences professionnelles. Si les sympt\u00f4mes ne s&rsquo;am\u00e9liorent pas ou si une maladie grave est suspect\u00e9e, je recommande \u00e0 mes clients de consulter un m\u00e9decin conventionnel.<\/li>\n<li>En tant que th\u00e9rapeute, j&rsquo;effectue un travail th\u00e9rapeutique au meilleur de mes connaissances et de mes convictions. J&rsquo;entretiens et promeut mes propres connaissances et comp\u00e9tences gr\u00e2ce \u00e0 des formations r\u00e9guli\u00e8res et continues.<\/li>\n<li>Je ne sugg\u00e8re en aucun cas aux clients que j&rsquo;ai un niveau de formation ou de reconnaissance sup\u00e9rieur \u00e0 ce que j&rsquo;ai r\u00e9ellement atteint.<\/li>\n<\/ul>\n<h3>5. Confidentialit\u00e9, protection des donn\u00e9es, obligation de fournir des informations et de la documentation client<\/h3>\n<ul>\n<li>En tant que th\u00e9rapeute, je maintiens la confidentialit\u00e9 sur toutes les questions relatives \u00e0 mes clients.<\/li>\n<li>Je m&rsquo;assure que toutes les donn\u00e9es de mes clients sont prot\u00e9g\u00e9es contre tout acc\u00e8s non autoris\u00e9.<\/li>\n<li>Je conserve la documentation client compl\u00e8te appropri\u00e9e au traitement et permet aux clients de consulter ces documents sur demande. Ce droit de contr\u00f4le existe \u00e9galement une fois le traitement termin\u00e9.<\/li>\n<li>Je ne donne acc\u00e8s \u00e0 des tiers \u00e0 la documentation client qu&rsquo;avec le consentement expr\u00e8s du client. Si la loi me demande de fournir des informations, j&rsquo;en informerai le client au pr\u00e9alable.<\/li>\n<li>Si, en raison de circonstances particuli\u00e8res, le consentement pr\u00e9alable du client ne peut \u00eatre obtenu et qu&rsquo;il n&rsquo;y a aucun d\u00e9sir apparent de confidentialit\u00e9, je peux supposer que le consentement est donn\u00e9 au plus proche parent.<\/li>\n<\/ul>\n<h3>6. Facturation<\/h3>\n<ul>\n<li>Je fournis une facture d\u00e9taill\u00e9e et transparente pour les soins effectu\u00e9s. Outre la date et la dur\u00e9e, la facture indique \u00e9galement le type de traitement (nom exact de la m\u00e9thode\/du traitement).<\/li>\n<li>En r\u00e8gle g\u00e9n\u00e9rale, je facture uniquement les th\u00e9rapies qui servent \u00e0 traiter des plaintes ou des maladies. J&rsquo;identifie les activit\u00e9s dans les domaines de la pr\u00e9vention et du bien-\u00eatre en tant que tels et j&rsquo;\u00e9mets une facture s\u00e9par\u00e9e pour celles-ci. Je d\u00e9clare \u00e9galement clairement s&rsquo;il s&rsquo;agit d&rsquo;une maladie ou d&rsquo;un accident.<\/li>\n<li>En r\u00e8gle g\u00e9n\u00e9rale, je ne facture que les soins que je r\u00e9alise personnellement.<\/li>\n<li>Si je soigne des proches comme des parents, des enfants ou des fr\u00e8res et s\u0153urs, je leur rappelle express\u00e9ment qu&rsquo;ils doivent obtenir un accord de frais aupr\u00e8s de l&rsquo;assureur avant le traitement.<\/li>\n<\/ul>\n<h3>7. Conformit\u00e9 l\u00e9gale<\/h3>\n<ul>\n<li>J&rsquo;ai toujours tous les permis et approbations n\u00e9cessaires \u00e0 mon travail th\u00e9rapeutique.<\/li>\n<li>Je respecte la loi applicable \u00e0 mon activit\u00e9. Je clarifierai imm\u00e9diatement toute incertitude aupr\u00e8s des autorit\u00e9s comp\u00e9tentes ou de l&rsquo;association.<\/li>\n<\/ul>\n<h3>8. Entr\u00e9e en vigueur<\/h3>\n<ul>\n<li>Ce code des professions entre en vigueur le 01\/01\/2016.<\/li>\n<\/ul>\n\n<div class=\"gsp_post_data\" \r\n\t            data-post_type=\"page\" \r\n\t            data-cat=\"\" \r\n\t            data-modified=\"120\"\r\n\t            data-created=\"1580567472\"\r\n\t            data-title=\"\u00c9thique\" \r\n\t            data-home=\"https:\/\/massageblind.ch\/fr\/\"><\/div>","protected":false},"excerpt":{"rendered":"<div class=\"entry-summary\">\n<div class=\"entry-summary\">\n&nbsp; Ce code de d\u00e9ontologie professionnelle fait partie int\u00e9grante des statuts de MassageBlind. L&rsquo;Association suisse des massoth\u00e9rapeutes m\u00e9dicaux malvoyants et aveugles r\u00e9sume les valeurs et normes \u00e9thiques les plus importantes qui s&rsquo;appliquent aux th\u00e9rapeutes agr\u00e9\u00e9s certificat de sp\u00e9cialiste. 1. Respect&hellip;\n<\/div>\n<div class=\"link-more\"><a href=\"https:\/\/massageblind.ch\/fr\/ethique\/\" class=\"more-link\">Continue reading<span class=\"screen-reader-text\"> &ldquo;\u00c9thique&rdquo;<\/span>&hellip;<\/a><\/div>\n<\/div>\n<div class=\"link-more\"><a href=\"https:\/\/massageblind.ch\/fr\/ethique\/\" class=\"more-link\">Continue reading<span class=\"screen-reader-text\"> &ldquo;\u00c9thique&rdquo;<\/span>&hellip;<\/a><\/div>\n","protected":false},"author":1,"featured_media":0,"parent":0,"menu_order":9,"comment_status":"closed","ping_status":"closed","template":"","meta":{"_monsterinsights_skip_tracking":false,"_monsterinsights_sitenote_active":false,"_monsterinsights_sitenote_note":"","_monsterinsights_sitenote_category":0,"footnotes":""},"class_list":["post-868","page","type-page","status-publish","hentry","entry"],"yoast_head":"<!-- This site is optimized with the Yoast SEO plugin v27.5 - https:\/\/yoast.com\/product\/yoast-seo-wordpress\/ -->\n<title>\u00c9thique - MassageBlind<\/title>\n<meta name=\"description\" content=\"L&#039;\u00e9thique de MassageBlind r\u00e9sume les valeurs et normes \u00e9thiques les plus importantes qui s&#039;appliquent aux th\u00e9rapeutes certifi\u00e9s par le gouvernement f\u00e9d\u00e9ral.\" \/>\n<meta name=\"robots\" content=\"index, follow, max-snippet:-1, max-image-preview:large, max-video-preview:-1\" \/>\n<link rel=\"canonical\" href=\"https:\/\/massageblind.ch\/fr\/ethique\/\" \/>\n<meta property=\"og:locale\" content=\"fr_FR\" \/>\n<meta property=\"og:type\" content=\"article\" \/>\n<meta property=\"og:title\" content=\"\u00c9thique - MassageBlind\" \/>\n<meta property=\"og:description\" content=\"L&#039;\u00e9thique de MassageBlind r\u00e9sume les valeurs et normes \u00e9thiques les plus importantes qui s&#039;appliquent aux th\u00e9rapeutes certifi\u00e9s par le gouvernement f\u00e9d\u00e9ral.\" \/>\n<meta property=\"og:url\" content=\"https:\/\/massageblind.ch\/fr\/ethique\/\" \/>\n<meta property=\"og:site_name\" content=\"MassageBlind\" \/>\n<meta property=\"article:modified_time\" content=\"2024-05-06T07:43:44+00:00\" \/>\n<meta name=\"twitter:card\" content=\"summary_large_image\" \/>\n<meta name=\"twitter:label1\" content=\"Dur\u00e9e de lecture estim\u00e9e\" \/>\n\t<meta name=\"twitter:data1\" content=\"5 minutes\" \/>\n<script type=\"application\/ld+json\" class=\"yoast-schema-graph\">{\"@context\":\"https:\\\/\\\/schema.org\",\"@graph\":[{\"@type\":\"WebPage\",\"@id\":\"https:\\\/\\\/massageblind.ch\\\/fr\\\/ethique\\\/\",\"url\":\"https:\\\/\\\/massageblind.ch\\\/fr\\\/ethique\\\/\",\"name\":\"\u00c9thique - MassageBlind\",\"isPartOf\":{\"@id\":\"https:\\\/\\\/massageblind.ch\\\/#website\"},\"datePublished\":\"2020-02-01T13:31:12+00:00\",\"dateModified\":\"2024-05-06T07:43:44+00:00\",\"description\":\"L'\u00e9thique de MassageBlind r\u00e9sume les valeurs et normes \u00e9thiques les plus importantes qui s'appliquent aux th\u00e9rapeutes certifi\u00e9s par le gouvernement f\u00e9d\u00e9ral.\",\"breadcrumb\":{\"@id\":\"https:\\\/\\\/massageblind.ch\\\/fr\\\/ethique\\\/#breadcrumb\"},\"inLanguage\":\"fr-FR\",\"potentialAction\":[{\"@type\":\"ReadAction\",\"target\":[\"https:\\\/\\\/massageblind.ch\\\/fr\\\/ethique\\\/\"]}]},{\"@type\":\"BreadcrumbList\",\"@id\":\"https:\\\/\\\/massageblind.ch\\\/fr\\\/ethique\\\/#breadcrumb\",\"itemListElement\":[{\"@type\":\"ListItem\",\"position\":1,\"name\":\"Startseite\",\"item\":\"https:\\\/\\\/massageblind.ch\\\/fr\\\/\"},{\"@type\":\"ListItem\",\"position\":2,\"name\":\"\u00c9thique\"}]},{\"@type\":\"WebSite\",\"@id\":\"https:\\\/\\\/massageblind.ch\\\/#website\",\"url\":\"https:\\\/\\\/massageblind.ch\\\/\",\"name\":\"MassageBlind\",\"description\":\"Schweizerischer Verband der sehbehinderten und blinden Med. Masseure\",\"publisher\":{\"@id\":\"https:\\\/\\\/massageblind.ch\\\/#organization\"},\"potentialAction\":[{\"@type\":\"SearchAction\",\"target\":{\"@type\":\"EntryPoint\",\"urlTemplate\":\"https:\\\/\\\/massageblind.ch\\\/?s={search_term_string}\"},\"query-input\":{\"@type\":\"PropertyValueSpecification\",\"valueRequired\":true,\"valueName\":\"search_term_string\"}}],\"inLanguage\":\"fr-FR\"},{\"@type\":\"Organization\",\"@id\":\"https:\\\/\\\/massageblind.ch\\\/#organization\",\"name\":\"MassageBlind\",\"url\":\"https:\\\/\\\/massageblind.ch\\\/\",\"logo\":{\"@type\":\"ImageObject\",\"inLanguage\":\"fr-FR\",\"@id\":\"https:\\\/\\\/massageblind.ch\\\/#\\\/schema\\\/logo\\\/image\\\/\",\"url\":\"https:\\\/\\\/massageblind.ch\\\/wp-content\\\/uploads\\\/2019\\\/09\\\/Logo-MassageBlind-Farben.jpg\",\"contentUrl\":\"https:\\\/\\\/massageblind.ch\\\/wp-content\\\/uploads\\\/2019\\\/09\\\/Logo-MassageBlind-Farben.jpg\",\"width\":1000,\"height\":750,\"caption\":\"MassageBlind\"},\"image\":{\"@id\":\"https:\\\/\\\/massageblind.ch\\\/#\\\/schema\\\/logo\\\/image\\\/\"}}]}<\/script>\n<!-- \/ Yoast SEO plugin. -->","yoast_head_json":{"title":"\u00c9thique - MassageBlind","description":"L'\u00e9thique de MassageBlind r\u00e9sume les valeurs et normes \u00e9thiques les plus importantes qui s'appliquent aux th\u00e9rapeutes certifi\u00e9s par le gouvernement f\u00e9d\u00e9ral.","robots":{"index":"index","follow":"follow","max-snippet":"max-snippet:-1","max-image-preview":"max-image-preview:large","max-video-preview":"max-video-preview:-1"},"canonical":"https:\/\/massageblind.ch\/fr\/ethique\/","og_locale":"fr_FR","og_type":"article","og_title":"\u00c9thique - MassageBlind","og_description":"L'\u00e9thique de MassageBlind r\u00e9sume les valeurs et normes \u00e9thiques les plus importantes qui s'appliquent aux th\u00e9rapeutes certifi\u00e9s par le gouvernement f\u00e9d\u00e9ral.","og_url":"https:\/\/massageblind.ch\/fr\/ethique\/","og_site_name":"MassageBlind","article_modified_time":"2024-05-06T07:43:44+00:00","twitter_card":"summary_large_image","twitter_misc":{"Dur\u00e9e de lecture estim\u00e9e":"5 minutes"},"schema":{"@context":"https:\/\/schema.org","@graph":[{"@type":"WebPage","@id":"https:\/\/massageblind.ch\/fr\/ethique\/","url":"https:\/\/massageblind.ch\/fr\/ethique\/","name":"\u00c9thique - MassageBlind","isPartOf":{"@id":"https:\/\/massageblind.ch\/#website"},"datePublished":"2020-02-01T13:31:12+00:00","dateModified":"2024-05-06T07:43:44+00:00","description":"L'\u00e9thique de MassageBlind r\u00e9sume les valeurs et normes \u00e9thiques les plus importantes qui s'appliquent aux th\u00e9rapeutes certifi\u00e9s par le gouvernement f\u00e9d\u00e9ral.","breadcrumb":{"@id":"https:\/\/massageblind.ch\/fr\/ethique\/#breadcrumb"},"inLanguage":"fr-FR","potentialAction":[{"@type":"ReadAction","target":["https:\/\/massageblind.ch\/fr\/ethique\/"]}]},{"@type":"BreadcrumbList","@id":"https:\/\/massageblind.ch\/fr\/ethique\/#breadcrumb","itemListElement":[{"@type":"ListItem","position":1,"name":"Startseite","item":"https:\/\/massageblind.ch\/fr\/"},{"@type":"ListItem","position":2,"name":"\u00c9thique"}]},{"@type":"WebSite","@id":"https:\/\/massageblind.ch\/#website","url":"https:\/\/massageblind.ch\/","name":"MassageBlind","description":"Schweizerischer Verband der sehbehinderten und blinden Med. Masseure","publisher":{"@id":"https:\/\/massageblind.ch\/#organization"},"potentialAction":[{"@type":"SearchAction","target":{"@type":"EntryPoint","urlTemplate":"https:\/\/massageblind.ch\/?s={search_term_string}"},"query-input":{"@type":"PropertyValueSpecification","valueRequired":true,"valueName":"search_term_string"}}],"inLanguage":"fr-FR"},{"@type":"Organization","@id":"https:\/\/massageblind.ch\/#organization","name":"MassageBlind","url":"https:\/\/massageblind.ch\/","logo":{"@type":"ImageObject","inLanguage":"fr-FR","@id":"https:\/\/massageblind.ch\/#\/schema\/logo\/image\/","url":"https:\/\/massageblind.ch\/wp-content\/uploads\/2019\/09\/Logo-MassageBlind-Farben.jpg","contentUrl":"https:\/\/massageblind.ch\/wp-content\/uploads\/2019\/09\/Logo-MassageBlind-Farben.jpg","width":1000,"height":750,"caption":"MassageBlind"},"image":{"@id":"https:\/\/massageblind.ch\/#\/schema\/logo\/image\/"}}]}},"_links":{"self":[{"href":"https:\/\/massageblind.ch\/fr\/wp-json\/wp\/v2\/pages\/868","targetHints":{"allow":["GET"]}}],"collection":[{"href":"https:\/\/massageblind.ch\/fr\/wp-json\/wp\/v2\/pages"}],"about":[{"href":"https:\/\/massageblind.ch\/fr\/wp-json\/wp\/v2\/types\/page"}],"author":[{"embeddable":true,"href":"https:\/\/massageblind.ch\/fr\/wp-json\/wp\/v2\/users\/1"}],"replies":[{"embeddable":true,"href":"https:\/\/massageblind.ch\/fr\/wp-json\/wp\/v2\/comments?post=868"}],"version-history":[{"count":4,"href":"https:\/\/massageblind.ch\/fr\/wp-json\/wp\/v2\/pages\/868\/revisions"}],"predecessor-version":[{"id":1018,"href":"https:\/\/massageblind.ch\/fr\/wp-json\/wp\/v2\/pages\/868\/revisions\/1018"}],"wp:attachment":[{"href":"https:\/\/massageblind.ch\/fr\/wp-json\/wp\/v2\/media?parent=868"}],"curies":[{"name":"wp","href":"https:\/\/api.w.org\/{rel}","templated":true}]}}