{"id":1438,"date":"2024-12-10T11:53:42","date_gmt":"2024-12-10T10:53:42","guid":{"rendered":"https:\/\/massageblind.ch\/anniversaire-de-5-ans\/"},"modified":"2024-12-15T14:31:24","modified_gmt":"2024-12-15T13:31:24","slug":"anniversaire-de-5-ans","status":"publish","type":"page","link":"https:\/\/massageblind.ch\/fr\/anniversaire-de-5-ans\/","title":{"rendered":"Anniversaire de 5 ans"},"content":{"rendered":"\n\n\t\n<h2><b>MassageBlind f\u00eate ses 5 ans<br \/>\navec un voyage d&rsquo;anniversaire au lac de Zurich<\/b><\/h2>\n\n<p>Le samedi 26 octobre 2024 \u00e0 9h30, nous nous sommes retrouv\u00e9s devant la grande horloge de la gare centrale de Zurich. Quel int\u00e9r\u00eat, plus de 30 personnes sont venues y participer.<\/p>\n<b><br \/>\nProgramme<\/b>\nPour commencer, on s&rsquo;offre un caf\u00e9 et des croissants dans la cour d&rsquo;un caf\u00e9 de la gare.<br \/>\nUn autocar nous conduit \u00e0 l&rsquo;\u00e9glise Fraum\u00fcnster. Nous pouvons d\u00e9couvrir comment Alex Hug fait sonner l&rsquo;\u00e9glise avec l&rsquo;orgue sp\u00e9cialement pour nous.<br \/>\nNous continuons en voiture pour le d\u00e9jeuner que nous d\u00e9gustons \u00e0 la Casa-Nostrana \u00e0 Wollishofen.<br \/>\nNous avons adouci notre apr\u00e8s-midi avec une visite de l&rsquo;entreprise Lindt et Spr\u00fcngli \u00e0 Kilchberg.<br \/>\nLa voiture nous ram\u00e8ne ensuite \u00e0 la gare centrale de Zurich pour que nous puissions rentrer chez nous en toute tranquillit\u00e9.\n<p>Ce fut une journ\u00e9e mouvement\u00e9e et impressionnante que nous avons pu vivre dans un groupe convivial. Un grand merci \u00e0 tous les sponsors qui ont contribu\u00e9 \u00e0 la r\u00e9ussite de cette journ\u00e9e inoubliable.<\/p>\n<p>&nbsp;<\/p>\n<p>&nbsp;<\/p>\n\t<img width=\"2560\" height=\"1615\" src=\"https:\/\/massageblind.ch\/wp-content\/uploads\/2024\/12\/Video-Orgelspiel-1-scaled.jpg\" alt=\"\" decoding=\"async\" loading=\"lazy\" srcset=\"https:\/\/massageblind.ch\/wp-content\/uploads\/2024\/12\/Video-Orgelspiel-1-scaled.jpg 2560w, https:\/\/massageblind.ch\/wp-content\/uploads\/2024\/12\/Video-Orgelspiel-1-300x189.jpg 300w, https:\/\/massageblind.ch\/wp-content\/uploads\/2024\/12\/Video-Orgelspiel-1-1024x646.jpg 1024w, https:\/\/massageblind.ch\/wp-content\/uploads\/2024\/12\/Video-Orgelspiel-1-768x485.jpg 768w, https:\/\/massageblind.ch\/wp-content\/uploads\/2024\/12\/Video-Orgelspiel-1-1536x969.jpg 1536w, https:\/\/massageblind.ch\/wp-content\/uploads\/2024\/12\/Video-Orgelspiel-1-2048x1292.jpg 2048w\" sizes=\"auto, (max-width: 2560px) 100vw, 2560px\" \/><meta itemprop=\"url\" content=\"https:\/\/massageblind.ch\/wp-content\/uploads\/2024\/12\/VID-20241128-WA0029.mp4\" \/><div style=\"width: 640px;\" class=\"wp-video\"><video class=\"wp-video-shortcode\" id=\"video-1438-1\" width=\"640\" height=\"360\" poster=\"https:\/\/massageblind.ch\/wp-content\/uploads\/2024\/12\/Video-Orgelspiel-1-scaled.jpg\" preload=\"none\" controls=\"controls\"><source type=\"video\/mp4\" src=\"https:\/\/massageblind.ch\/wp-content\/uploads\/2024\/12\/VID-20241128-WA0029.mp4?_=1\" \/><source type=\"video\/mp4\" src=\"https:\/\/massageblind.ch\/wp-content\/uploads\/2024\/12\/VID-20241128-WA0029.mp4?_=1\" \/><a href=\"https:\/\/massageblind.ch\/wp-content\/uploads\/2024\/12\/VID-20241128-WA0029.mp4\">https:\/\/massageblind.ch\/wp-content\/uploads\/2024\/12\/VID-20241128-WA0029.mp4<\/a><\/video><\/div>\n\n<div class=\"gsp_post_data\" \r\n\t            data-post_type=\"page\" \r\n\t            data-cat=\"\" \r\n\t            data-modified=\"120\"\r\n\t            data-created=\"1733831622\"\r\n\t            data-title=\"Anniversaire de 5 ans\" \r\n\t            data-home=\"https:\/\/massageblind.ch\/fr\/\"><\/div>","protected":false},"excerpt":{"rendered":"<div class=\"entry-summary\">\n<div class=\"entry-summary\">\nMassageBlind f\u00eate ses 5 ans avec un voyage d&rsquo;anniversaire au lac de Zurich Le samedi 26 octobre 2024 \u00e0 9h30, nous nous sommes retrouv\u00e9s devant la grande horloge de la gare centrale de Zurich. Quel int\u00e9r\u00eat, plus de 30 personnes&hellip;\n<\/div>\n<div class=\"link-more\"><a href=\"https:\/\/massageblind.ch\/fr\/anniversaire-de-5-ans\/\" class=\"more-link\">Continue reading<span class=\"screen-reader-text\"> &ldquo;Anniversaire de 5 ans&rdquo;<\/span>&hellip;<\/a><\/div>\n<\/div>\n<div class=\"link-more\"><a href=\"https:\/\/massageblind.ch\/fr\/anniversaire-de-5-ans\/\" class=\"more-link\">Continue reading<span class=\"screen-reader-text\"> &ldquo;Anniversaire de 5 ans&rdquo;<\/span>&hellip;<\/a><\/div>\n","protected":false},"author":1,"featured_media":0,"parent":0,"menu_order":0,"comment_status":"closed","ping_status":"closed","template":"","meta":{"_monsterinsights_skip_tracking":false,"_monsterinsights_sitenote_active":false,"_monsterinsights_sitenote_note":"","_monsterinsights_sitenote_category":0,"footnotes":""},"class_list":["post-1438","page","type-page","status-publish","hentry","entry"],"yoast_head":"<!-- This site is optimized with the Yoast SEO plugin v27.5 - https:\/\/yoast.com\/product\/yoast-seo-wordpress\/ -->\n<title>Anniversaire de 5 ans - MassageBlind<\/title>\n<meta name=\"robots\" content=\"index, follow, max-snippet:-1, max-image-preview:large, max-video-preview:-1\" \/>\n<link rel=\"canonical\" href=\"https:\/\/massageblind.ch\/fr\/anniversaire-de-5-ans\/\" \/>\n<meta property=\"og:locale\" content=\"fr_FR\" \/>\n<meta property=\"og:type\" content=\"article\" \/>\n<meta property=\"og:title\" content=\"Anniversaire de 5 ans - MassageBlind\" \/>\n<meta property=\"og:description\" content=\"MassageBlind f\u00eate ses 5 ans avec un voyage d&rsquo;anniversaire au lac de Zurich Le samedi 26 octobre 2024 \u00e0 9h30, nous nous sommes retrouv\u00e9s devant la grande horloge de la gare centrale de Zurich. Quel int\u00e9r\u00eat, plus de 30 personnes&hellip; Continue reading &ldquo;Anniversaire de 5 ans&rdquo;&hellip;\" \/>\n<meta property=\"og:url\" content=\"https:\/\/massageblind.ch\/fr\/anniversaire-de-5-ans\/\" \/>\n<meta property=\"og:site_name\" content=\"MassageBlind\" \/>\n<meta property=\"article:modified_time\" content=\"2024-12-15T13:31:24+00:00\" \/>\n<meta property=\"og:image\" content=\"https:\/\/massageblind.ch\/wp-content\/uploads\/2024\/12\/Video-Orgelspiel-1-scaled.jpg\" \/>\n<meta name=\"twitter:card\" content=\"summary_large_image\" \/>\n<meta name=\"twitter:label1\" content=\"Dur\u00e9e de lecture estim\u00e9e\" \/>\n\t<meta name=\"twitter:data1\" content=\"2 minutes\" \/>\n<script type=\"application\/ld+json\" class=\"yoast-schema-graph\">{\"@context\":\"https:\\\/\\\/schema.org\",\"@graph\":[{\"@type\":\"WebPage\",\"@id\":\"https:\\\/\\\/massageblind.ch\\\/fr\\\/anniversaire-de-5-ans\\\/\",\"url\":\"https:\\\/\\\/massageblind.ch\\\/fr\\\/anniversaire-de-5-ans\\\/\",\"name\":\"Anniversaire de 5 ans - MassageBlind\",\"isPartOf\":{\"@id\":\"https:\\\/\\\/massageblind.ch\\\/#website\"},\"primaryImageOfPage\":{\"@id\":\"https:\\\/\\\/massageblind.ch\\\/fr\\\/anniversaire-de-5-ans\\\/#primaryimage\"},\"image\":{\"@id\":\"https:\\\/\\\/massageblind.ch\\\/fr\\\/anniversaire-de-5-ans\\\/#primaryimage\"},\"thumbnailUrl\":\"https:\\\/\\\/massageblind.ch\\\/wp-content\\\/uploads\\\/2024\\\/12\\\/Video-Orgelspiel-1-scaled.jpg\",\"datePublished\":\"2024-12-10T10:53:42+00:00\",\"dateModified\":\"2024-12-15T13:31:24+00:00\",\"breadcrumb\":{\"@id\":\"https:\\\/\\\/massageblind.ch\\\/fr\\\/anniversaire-de-5-ans\\\/#breadcrumb\"},\"inLanguage\":\"fr-FR\",\"potentialAction\":[{\"@type\":\"ReadAction\",\"target\":[\"https:\\\/\\\/massageblind.ch\\\/fr\\\/anniversaire-de-5-ans\\\/\"]}]},{\"@type\":\"ImageObject\",\"inLanguage\":\"fr-FR\",\"@id\":\"https:\\\/\\\/massageblind.ch\\\/fr\\\/anniversaire-de-5-ans\\\/#primaryimage\",\"url\":\"https:\\\/\\\/massageblind.ch\\\/wp-content\\\/uploads\\\/2024\\\/12\\\/Video-Orgelspiel-1-scaled.jpg\",\"contentUrl\":\"https:\\\/\\\/massageblind.ch\\\/wp-content\\\/uploads\\\/2024\\\/12\\\/Video-Orgelspiel-1-scaled.jpg\"},{\"@type\":\"BreadcrumbList\",\"@id\":\"https:\\\/\\\/massageblind.ch\\\/fr\\\/anniversaire-de-5-ans\\\/#breadcrumb\",\"itemListElement\":[{\"@type\":\"ListItem\",\"position\":1,\"name\":\"Startseite\",\"item\":\"https:\\\/\\\/massageblind.ch\\\/fr\\\/\"},{\"@type\":\"ListItem\",\"position\":2,\"name\":\"Anniversaire de 5 ans\"}]},{\"@type\":\"WebSite\",\"@id\":\"https:\\\/\\\/massageblind.ch\\\/#website\",\"url\":\"https:\\\/\\\/massageblind.ch\\\/\",\"name\":\"MassageBlind\",\"description\":\"Schweizerischer Verband der sehbehinderten und blinden Med. Masseure\",\"publisher\":{\"@id\":\"https:\\\/\\\/massageblind.ch\\\/#organization\"},\"potentialAction\":[{\"@type\":\"SearchAction\",\"target\":{\"@type\":\"EntryPoint\",\"urlTemplate\":\"https:\\\/\\\/massageblind.ch\\\/?s={search_term_string}\"},\"query-input\":{\"@type\":\"PropertyValueSpecification\",\"valueRequired\":true,\"valueName\":\"search_term_string\"}}],\"inLanguage\":\"fr-FR\"},{\"@type\":\"Organization\",\"@id\":\"https:\\\/\\\/massageblind.ch\\\/#organization\",\"name\":\"MassageBlind\",\"url\":\"https:\\\/\\\/massageblind.ch\\\/\",\"logo\":{\"@type\":\"ImageObject\",\"inLanguage\":\"fr-FR\",\"@id\":\"https:\\\/\\\/massageblind.ch\\\/#\\\/schema\\\/logo\\\/image\\\/\",\"url\":\"https:\\\/\\\/massageblind.ch\\\/wp-content\\\/uploads\\\/2019\\\/09\\\/Logo-MassageBlind-Farben.jpg\",\"contentUrl\":\"https:\\\/\\\/massageblind.ch\\\/wp-content\\\/uploads\\\/2019\\\/09\\\/Logo-MassageBlind-Farben.jpg\",\"width\":1000,\"height\":750,\"caption\":\"MassageBlind\"},\"image\":{\"@id\":\"https:\\\/\\\/massageblind.ch\\\/#\\\/schema\\\/logo\\\/image\\\/\"}}]}<\/script>\n<!-- \/ Yoast SEO plugin. -->","yoast_head_json":{"title":"Anniversaire de 5 ans - MassageBlind","robots":{"index":"index","follow":"follow","max-snippet":"max-snippet:-1","max-image-preview":"max-image-preview:large","max-video-preview":"max-video-preview:-1"},"canonical":"https:\/\/massageblind.ch\/fr\/anniversaire-de-5-ans\/","og_locale":"fr_FR","og_type":"article","og_title":"Anniversaire de 5 ans - MassageBlind","og_description":"MassageBlind f\u00eate ses 5 ans avec un voyage d&rsquo;anniversaire au lac de Zurich Le samedi 26 octobre 2024 \u00e0 9h30, nous nous sommes retrouv\u00e9s devant la grande horloge de la gare centrale de Zurich. Quel int\u00e9r\u00eat, plus de 30 personnes&hellip; Continue reading &ldquo;Anniversaire de 5 ans&rdquo;&hellip;","og_url":"https:\/\/massageblind.ch\/fr\/anniversaire-de-5-ans\/","og_site_name":"MassageBlind","article_modified_time":"2024-12-15T13:31:24+00:00","og_image":[{"url":"https:\/\/massageblind.ch\/wp-content\/uploads\/2024\/12\/Video-Orgelspiel-1-scaled.jpg","type":"","width":"","height":""}],"twitter_card":"summary_large_image","twitter_misc":{"Dur\u00e9e de lecture estim\u00e9e":"2 minutes"},"schema":{"@context":"https:\/\/schema.org","@graph":[{"@type":"WebPage","@id":"https:\/\/massageblind.ch\/fr\/anniversaire-de-5-ans\/","url":"https:\/\/massageblind.ch\/fr\/anniversaire-de-5-ans\/","name":"Anniversaire de 5 ans - MassageBlind","isPartOf":{"@id":"https:\/\/massageblind.ch\/#website"},"primaryImageOfPage":{"@id":"https:\/\/massageblind.ch\/fr\/anniversaire-de-5-ans\/#primaryimage"},"image":{"@id":"https:\/\/massageblind.ch\/fr\/anniversaire-de-5-ans\/#primaryimage"},"thumbnailUrl":"https:\/\/massageblind.ch\/wp-content\/uploads\/2024\/12\/Video-Orgelspiel-1-scaled.jpg","datePublished":"2024-12-10T10:53:42+00:00","dateModified":"2024-12-15T13:31:24+00:00","breadcrumb":{"@id":"https:\/\/massageblind.ch\/fr\/anniversaire-de-5-ans\/#breadcrumb"},"inLanguage":"fr-FR","potentialAction":[{"@type":"ReadAction","target":["https:\/\/massageblind.ch\/fr\/anniversaire-de-5-ans\/"]}]},{"@type":"ImageObject","inLanguage":"fr-FR","@id":"https:\/\/massageblind.ch\/fr\/anniversaire-de-5-ans\/#primaryimage","url":"https:\/\/massageblind.ch\/wp-content\/uploads\/2024\/12\/Video-Orgelspiel-1-scaled.jpg","contentUrl":"https:\/\/massageblind.ch\/wp-content\/uploads\/2024\/12\/Video-Orgelspiel-1-scaled.jpg"},{"@type":"BreadcrumbList","@id":"https:\/\/massageblind.ch\/fr\/anniversaire-de-5-ans\/#breadcrumb","itemListElement":[{"@type":"ListItem","position":1,"name":"Startseite","item":"https:\/\/massageblind.ch\/fr\/"},{"@type":"ListItem","position":2,"name":"Anniversaire de 5 ans"}]},{"@type":"WebSite","@id":"https:\/\/massageblind.ch\/#website","url":"https:\/\/massageblind.ch\/","name":"MassageBlind","description":"Schweizerischer Verband der sehbehinderten und blinden Med. Masseure","publisher":{"@id":"https:\/\/massageblind.ch\/#organization"},"potentialAction":[{"@type":"SearchAction","target":{"@type":"EntryPoint","urlTemplate":"https:\/\/massageblind.ch\/?s={search_term_string}"},"query-input":{"@type":"PropertyValueSpecification","valueRequired":true,"valueName":"search_term_string"}}],"inLanguage":"fr-FR"},{"@type":"Organization","@id":"https:\/\/massageblind.ch\/#organization","name":"MassageBlind","url":"https:\/\/massageblind.ch\/","logo":{"@type":"ImageObject","inLanguage":"fr-FR","@id":"https:\/\/massageblind.ch\/#\/schema\/logo\/image\/","url":"https:\/\/massageblind.ch\/wp-content\/uploads\/2019\/09\/Logo-MassageBlind-Farben.jpg","contentUrl":"https:\/\/massageblind.ch\/wp-content\/uploads\/2019\/09\/Logo-MassageBlind-Farben.jpg","width":1000,"height":750,"caption":"MassageBlind"},"image":{"@id":"https:\/\/massageblind.ch\/#\/schema\/logo\/image\/"}}]}},"_links":{"self":[{"href":"https:\/\/massageblind.ch\/fr\/wp-json\/wp\/v2\/pages\/1438","targetHints":{"allow":["GET"]}}],"collection":[{"href":"https:\/\/massageblind.ch\/fr\/wp-json\/wp\/v2\/pages"}],"about":[{"href":"https:\/\/massageblind.ch\/fr\/wp-json\/wp\/v2\/types\/page"}],"author":[{"embeddable":true,"href":"https:\/\/massageblind.ch\/fr\/wp-json\/wp\/v2\/users\/1"}],"replies":[{"embeddable":true,"href":"https:\/\/massageblind.ch\/fr\/wp-json\/wp\/v2\/comments?post=1438"}],"version-history":[{"count":2,"href":"https:\/\/massageblind.ch\/fr\/wp-json\/wp\/v2\/pages\/1438\/revisions"}],"predecessor-version":[{"id":1447,"href":"https:\/\/massageblind.ch\/fr\/wp-json\/wp\/v2\/pages\/1438\/revisions\/1447"}],"wp:attachment":[{"href":"https:\/\/massageblind.ch\/fr\/wp-json\/wp\/v2\/media?parent=1438"}],"curies":[{"name":"wp","href":"https:\/\/api.w.org\/{rel}","templated":true}]}}